




{"version":"1.0","provider_name":"\u041c\u0435\u0434\u0436\u043b\u0456\u0441","provider_url":"https:\/\/qtmm.org\/qt\/","author_name":"milena","author_url":"https:\/\/qtmm.org\/qt\/author\/milena\/","title":"AQ\u015e, q\u0131r\u0131mtatarlar\u011fa qar\u015f\u0131 rusiye repressiyalar\u0131n\u0131 takbih ettiler - \u041c\u0435\u0434\u0436\u043b\u0456\u0441","type":"rich","width":600,"height":338,"html":"<blockquote class=\"wp-embedded-content\" data-secret=\"9dM7ve64At\"><a href=\"https:\/\/qtmm.org\/qt\/aqs-qirimtatarlarga-qarsi-rusiye-repressiyalarini-takbih-ettiler\/\">AQ\u015e, q\u0131r\u0131mtatarlar\u011fa qar\u015f\u0131 rusiye repressiyalar\u0131n\u0131 takbih ettiler<\/a><\/blockquote><iframe sandbox=\"allow-scripts\" security=\"restricted\" src=\"https:\/\/qtmm.org\/qt\/aqs-qirimtatarlarga-qarsi-rusiye-repressiyalarini-takbih-ettiler\/embed\/#?secret=9dM7ve64At\" width=\"600\" height=\"338\" title=\"&#8220;AQ\u015e, q\u0131r\u0131mtatarlar\u011fa qar\u015f\u0131 rusiye repressiyalar\u0131n\u0131 takbih ettiler&#8221; &#8212; \u041c\u0435\u0434\u0436\u043b\u0456\u0441\" data-secret=\"9dM7ve64At\" frameborder=\"0\" marginwidth=\"0\" marginheight=\"0\" scrolling=\"no\" class=\"wp-embedded-content\"><\/iframe><script>\n\/*! This file is auto-generated *\/\n!function(d,l){\"use strict\";l.querySelector&&d.addEventListener&&\"undefined\"!=typeof URL&&(d.wp=d.wp||{},d.wp.receiveEmbedMessage||(d.wp.receiveEmbedMessage=function(e){var t=e.data;if((t||t.secret||t.message||t.value)&&!\/[^a-zA-Z0-9]\/.test(t.secret)){for(var s,r,n,a=l.querySelectorAll('iframe[data-secret=\"'+t.secret+'\"]'),o=l.querySelectorAll('blockquote[data-secret=\"'+t.secret+'\"]'),c=new RegExp(\"^https?:$\",\"i\"),i=0;i<o.length;i++)o[i].style.display=\"none\";for(i=0;i<a.length;i++)s=a[i],e.source===s.contentWindow&&(s.removeAttribute(\"style\"),\"height\"===t.message?(1e3<(r=parseInt(t.value,10))?r=1e3:~~r<200&&(r=200),s.height=r):\"link\"===t.message&&(r=new URL(s.getAttribute(\"src\")),n=new URL(t.value),c.test(n.protocol))&&n.host===r.host&&l.activeElement===s&&(d.top.location.href=t.value))}},d.addEventListener(\"message\",d.wp.receiveEmbedMessage,!1),l.addEventListener(\"DOMContentLoaded\",function(){for(var e,t,s=l.querySelectorAll(\"iframe.wp-embedded-content\"),r=0;r<s.length;r++)(t=(e=s[r]).getAttribute(\"data-secret\"))||(t=Math.random().toString(36).substring(2,12),e.src+=\"#?secret=\"+t,e.setAttribute(\"data-secret\",t)),e.contentWindow.postMessage({message:\"ready\",secret:t},\"*\")},!1)))}(window,document);\n\/\/# sourceURL=https:\/\/qtmm.org\/wp-includes\/js\/wp-embed.min.js\n<\/script>\n","thumbnail_url":"https:\/\/qtmm.org\/wp-content\/uploads\/2023\/08\/488ebd36-277c-4cba-9582-d656acc9dbf4_cx0_cy3_cw0_w1200_r1.jpg","thumbnail_width":1200,"thumbnail_height":675,"description":"AQ\u015eni\u00f1 devlet k\u00e2tibi Entoni Blinken vaqt\u0131nca i\u015f\u011fal etilgen Q\u0131r\u0131mda rfn\u0131\u00f1 q\u0131r\u0131mtatarlar\u011fa qar\u015f\u0131 repressiyalar\u0131n\u0131 takbih etti. O, rusiyeni b\u00fct\u00fcn siyasiy mab\u00fcslerni azat etmege ve Ukrainan\u0131 i\u015f\u011fal etmege bitirmege \u00e7a\u011f\u0131rd\u0131. rf q\u0131r\u0131mtatarlarn\u0131 taqip etmege, Ukrainan\u0131 i\u015f\u011fal etmege bitirmeli ve b\u00fct\u00fcn siyasiy mab\u00fcslerni azat etmeli, &#8211; dep Blinken qayd etti."}