




{"version":"1.0","provider_name":"\u041c\u0435\u0434\u0436\u043b\u0456\u0441","provider_url":"https:\/\/qtmm.org\/qt\/","author_name":"Developer","author_url":"https:\/\/qtmm.org\/qt\/author\/Developer\/","title":"Aqmescitni\u00f1 Ya\u00f1\u0131 Q\u0131r\u0131m maallesinde ( Balaklavskaya soqa\u011f\u0131nda) Qurban Bayram - \u041c\u0435\u0434\u0436\u043b\u0456\u0441","type":"rich","width":600,"height":338,"html":"<blockquote class=\"wp-embedded-content\" data-secret=\"S9penj2c1c\"><a href=\"https:\/\/qtmm.org\/qt\/aqmescitnin-yani-qirim-maallesinde-balaklavskaya-soqaginda-qurban-bayram\/\">Aqmescitni\u00f1 Ya\u00f1\u0131 Q\u0131r\u0131m maallesinde ( Balaklavskaya soqa\u011f\u0131nda) Qurban Bayram<\/a><\/blockquote><iframe sandbox=\"allow-scripts\" security=\"restricted\" src=\"https:\/\/qtmm.org\/qt\/aqmescitnin-yani-qirim-maallesinde-balaklavskaya-soqaginda-qurban-bayram\/embed\/#?secret=S9penj2c1c\" width=\"600\" height=\"338\" title=\"&#8220;Aqmescitni\u00f1 Ya\u00f1\u0131 Q\u0131r\u0131m maallesinde ( Balaklavskaya soqa\u011f\u0131nda) Qurban Bayram&#8221; &#8212; \u041c\u0435\u0434\u0436\u043b\u0456\u0441\" data-secret=\"S9penj2c1c\" frameborder=\"0\" marginwidth=\"0\" marginheight=\"0\" scrolling=\"no\" class=\"wp-embedded-content\"><\/iframe><script>\n\/*! This file is auto-generated *\/\n!function(d,l){\"use strict\";l.querySelector&&d.addEventListener&&\"undefined\"!=typeof URL&&(d.wp=d.wp||{},d.wp.receiveEmbedMessage||(d.wp.receiveEmbedMessage=function(e){var t=e.data;if((t||t.secret||t.message||t.value)&&!\/[^a-zA-Z0-9]\/.test(t.secret)){for(var s,r,n,a=l.querySelectorAll('iframe[data-secret=\"'+t.secret+'\"]'),o=l.querySelectorAll('blockquote[data-secret=\"'+t.secret+'\"]'),c=new RegExp(\"^https?:$\",\"i\"),i=0;i<o.length;i++)o[i].style.display=\"none\";for(i=0;i<a.length;i++)s=a[i],e.source===s.contentWindow&&(s.removeAttribute(\"style\"),\"height\"===t.message?(1e3<(r=parseInt(t.value,10))?r=1e3:~~r<200&&(r=200),s.height=r):\"link\"===t.message&&(r=new URL(s.getAttribute(\"src\")),n=new URL(t.value),c.test(n.protocol))&&n.host===r.host&&l.activeElement===s&&(d.top.location.href=t.value))}},d.addEventListener(\"message\",d.wp.receiveEmbedMessage,!1),l.addEventListener(\"DOMContentLoaded\",function(){for(var e,t,s=l.querySelectorAll(\"iframe.wp-embedded-content\"),r=0;r<s.length;r++)(t=(e=s[r]).getAttribute(\"data-secret\"))||(t=Math.random().toString(36).substring(2,12),e.src+=\"#?secret=\"+t,e.setAttribute(\"data-secret\",t)),e.contentWindow.postMessage({message:\"ready\",secret:t},\"*\")},!1)))}(window,document);\n\/\/# sourceURL=https:\/\/qtmm.org\/wp-includes\/js\/wp-embed.min.js\n<\/script>\n","thumbnail_url":"https:\/\/qtmm.org\/wp-content\/uploads\/2022\/01\/4eba1195bae44.jpeg","thumbnail_width":640,"thumbnail_height":480,"description":"Noyabr 8 k\u00fcn\u00fc Aqmescitni\u00f1 Ya\u00f1\u0131 Q\u0131r\u0131m maallesinde ( Balaklavskaya soqa\u011f\u0131nda) &#8220;naraz\u0131l\u0131q meydan\u0131&#8221; i\u015ftirak\u00e7ileri Aqmescit regional meclis ve Q\u0131r\u0131m musulmanlar\u0131n\u0131\u00f1 m\u00fcftiliginen beraber Q\u0131r\u0131mtatar halq\u0131 Meclisini\u00f1 qoltutuv\u0131 ile musulmanlarn\u0131\u00f1 eki b\u00fcy\u00fck bayram\u0131ndan biri ol\u011fan Qurban bayram\u0131 munasebetinen tantanal\u0131 tedbir te\u015fkil ettiler. Ya\u00f1\u0131 Q\u0131r\u0131m maallesi ve etraftaki mikrorayonlarda ya\u015fa\u011fan sakinlerni Qurban bayram\u0131nen hay\u0131rlamaq i\u00e7\u00fcn Meclis reisi Mustafa Cemilev, [&hellip;]"}