




{"version":"1.0","provider_name":"\u041c\u0435\u0434\u0436\u043b\u0456\u0441","provider_url":"https:\/\/qtmm.org\/qt\/","author_name":"Developer","author_url":"https:\/\/qtmm.org\/qt\/author\/Developer\/","title":"Ankarada \u00abQ\u0131r\u0131mo\u011flu\u2026 Bir halqn\u0131\u00f1 k\u00fcre\u015fi\u00bb filmi taqdim etildi - \u041c\u0435\u0434\u0436\u043b\u0456\u0441","type":"rich","width":600,"height":338,"html":"<blockquote class=\"wp-embedded-content\" data-secret=\"mFUPIci3MT\"><a href=\"https:\/\/qtmm.org\/qt\/ankarada-qirimoglu-bir-halqnin-kuresi-filmi-taqdim-etildi\/\">Ankarada \u00abQ\u0131r\u0131mo\u011flu\u2026 Bir halqn\u0131\u00f1 k\u00fcre\u015fi\u00bb filmi taqdim etildi<\/a><\/blockquote><iframe sandbox=\"allow-scripts\" security=\"restricted\" src=\"https:\/\/qtmm.org\/qt\/ankarada-qirimoglu-bir-halqnin-kuresi-filmi-taqdim-etildi\/embed\/#?secret=mFUPIci3MT\" width=\"600\" height=\"338\" title=\"&#8220;Ankarada \u00abQ\u0131r\u0131mo\u011flu\u2026 Bir halqn\u0131\u00f1 k\u00fcre\u015fi\u00bb filmi taqdim etildi&#8221; &#8212; \u041c\u0435\u0434\u0436\u043b\u0456\u0441\" data-secret=\"mFUPIci3MT\" frameborder=\"0\" marginwidth=\"0\" marginheight=\"0\" scrolling=\"no\" class=\"wp-embedded-content\"><\/iframe><script>\n\/*! This file is auto-generated *\/\n!function(d,l){\"use strict\";l.querySelector&&d.addEventListener&&\"undefined\"!=typeof URL&&(d.wp=d.wp||{},d.wp.receiveEmbedMessage||(d.wp.receiveEmbedMessage=function(e){var t=e.data;if((t||t.secret||t.message||t.value)&&!\/[^a-zA-Z0-9]\/.test(t.secret)){for(var s,r,n,a=l.querySelectorAll('iframe[data-secret=\"'+t.secret+'\"]'),o=l.querySelectorAll('blockquote[data-secret=\"'+t.secret+'\"]'),c=new RegExp(\"^https?:$\",\"i\"),i=0;i<o.length;i++)o[i].style.display=\"none\";for(i=0;i<a.length;i++)s=a[i],e.source===s.contentWindow&&(s.removeAttribute(\"style\"),\"height\"===t.message?(1e3<(r=parseInt(t.value,10))?r=1e3:~~r<200&&(r=200),s.height=r):\"link\"===t.message&&(r=new URL(s.getAttribute(\"src\")),n=new URL(t.value),c.test(n.protocol))&&n.host===r.host&&l.activeElement===s&&(d.top.location.href=t.value))}},d.addEventListener(\"message\",d.wp.receiveEmbedMessage,!1),l.addEventListener(\"DOMContentLoaded\",function(){for(var e,t,s=l.querySelectorAll(\"iframe.wp-embedded-content\"),r=0;r<s.length;r++)(t=(e=s[r]).getAttribute(\"data-secret\"))||(t=Math.random().toString(36).substring(2,12),e.src+=\"#?secret=\"+t,e.setAttribute(\"data-secret\",t)),e.contentWindow.postMessage({message:\"ready\",secret:t},\"*\")},!1)))}(window,document);\n\/\/# sourceURL=https:\/\/qtmm.org\/wp-includes\/js\/wp-embed.min.js\n<\/script>\n","thumbnail_url":"https:\/\/qtmm.org\/wp-content\/uploads\/2022\/01\/5159fe849e842.jpeg","thumbnail_width":640,"thumbnail_height":480,"description":"2013 senesi mart 28-de Ankarada T\u00fcrkiye Odalar ve Borsalar Birli\u011fi meclisler salon\u0131nda &#8220;Q\u0131r\u0131mo\u011flu\u2026 Bir halqn\u0131\u00f1 k\u00fcre\u015fi&#8221; filmini\u00f1 taqdimine ba\u011f\u0131\u015flan\u011fan tantanal\u0131 aq\u015fam ol\u0131p ke\u00e7ti Film millet lideri ve belli siyasiy erbab Mustafa Cemilevni\u00f1 taqdirinde seyircilerni 1944 senesi may\u0131s ay\u0131nda Q\u0131r\u0131mdan s\u00fcrg\u00fcn etilgen q\u0131r\u0131mtatar halq\u0131n\u0131\u00f1 facial\u0131 taqdiri ve on\u0131\u00f1 Vatan\u011fa qaytuv ve aqlar\u0131n\u0131 tiklev o\u011frunda ces\u00fcrane k\u00fcre\u015finen [&hellip;]"}