




{"version":"1.0","provider_name":"\u041c\u0435\u0434\u0436\u043b\u0456\u0441","provider_url":"https:\/\/qtmm.org\/qt\/","author_name":"Developer","author_url":"https:\/\/qtmm.org\/qt\/author\/Developer\/","title":"Ahtem \u00c7iygoz: \u00abQ\u0131r\u0131mtatarlar Kiyevge Mustaqillik meydan\u0131na aktiv keteler\u00bb - \u041c\u0435\u0434\u0436\u043b\u0456\u0441","type":"rich","width":600,"height":338,"html":"<blockquote class=\"wp-embedded-content\" data-secret=\"RiWZFlYSJu\"><a href=\"https:\/\/qtmm.org\/qt\/ahtem-ciygoz-qirimtatarlar-kiyevge-mustaqillik-meydanina-aktiv-keteler\/\">Ahtem \u00c7iygoz: \u00abQ\u0131r\u0131mtatarlar Kiyevge Mustaqillik meydan\u0131na aktiv keteler\u00bb<\/a><\/blockquote><iframe sandbox=\"allow-scripts\" security=\"restricted\" src=\"https:\/\/qtmm.org\/qt\/ahtem-ciygoz-qirimtatarlar-kiyevge-mustaqillik-meydanina-aktiv-keteler\/embed\/#?secret=RiWZFlYSJu\" width=\"600\" height=\"338\" title=\"&#8220;Ahtem \u00c7iygoz: \u00abQ\u0131r\u0131mtatarlar Kiyevge Mustaqillik meydan\u0131na aktiv keteler\u00bb&#8221; &#8212; \u041c\u0435\u0434\u0436\u043b\u0456\u0441\" data-secret=\"RiWZFlYSJu\" frameborder=\"0\" marginwidth=\"0\" marginheight=\"0\" scrolling=\"no\" class=\"wp-embedded-content\"><\/iframe><script>\n\/*! This file is auto-generated *\/\n!function(d,l){\"use strict\";l.querySelector&&d.addEventListener&&\"undefined\"!=typeof URL&&(d.wp=d.wp||{},d.wp.receiveEmbedMessage||(d.wp.receiveEmbedMessage=function(e){var t=e.data;if((t||t.secret||t.message||t.value)&&!\/[^a-zA-Z0-9]\/.test(t.secret)){for(var s,r,n,a=l.querySelectorAll('iframe[data-secret=\"'+t.secret+'\"]'),o=l.querySelectorAll('blockquote[data-secret=\"'+t.secret+'\"]'),c=new RegExp(\"^https?:$\",\"i\"),i=0;i<o.length;i++)o[i].style.display=\"none\";for(i=0;i<a.length;i++)s=a[i],e.source===s.contentWindow&&(s.removeAttribute(\"style\"),\"height\"===t.message?(1e3<(r=parseInt(t.value,10))?r=1e3:~~r<200&&(r=200),s.height=r):\"link\"===t.message&&(r=new URL(s.getAttribute(\"src\")),n=new URL(t.value),c.test(n.protocol))&&n.host===r.host&&l.activeElement===s&&(d.top.location.href=t.value))}},d.addEventListener(\"message\",d.wp.receiveEmbedMessage,!1),l.addEventListener(\"DOMContentLoaded\",function(){for(var e,t,s=l.querySelectorAll(\"iframe.wp-embedded-content\"),r=0;r<s.length;r++)(t=(e=s[r]).getAttribute(\"data-secret\"))||(t=Math.random().toString(36).substring(2,12),e.src+=\"#?secret=\"+t,e.setAttribute(\"data-secret\",t)),e.contentWindow.postMessage({message:\"ready\",secret:t},\"*\")},!1)))}(window,document);\n\/\/# sourceURL=https:\/\/qtmm.org\/wp-includes\/js\/wp-embed.min.js\n<\/script>\n","description":"Semetde\u015fler, regional ve yerli meclislerni\u00f1 reisleri ve azalar\u0131, Q\u0131r\u0131mtatar halq\u0131 Qurultay\u0131n\u0131\u00f1 delegatlar\u0131, b\u00fct\u00fcn seviyelerdeki \u015furalarn\u0131\u00f1 q\u0131r\u0131mtatar deputatlar\u0131n\u0131\u00f1 diqqat\u0131na! So\u00f1ki k\u00fcnlerde pek \u00e7oq semetde\u015flerimiz Kiyevni\u00f1 Mustaqillik meydan\u0131nda ke\u00e7irilmekte ol\u011fan Ukrainan\u0131\u00f1 Avropa integratsiyas\u0131 y\u00f6neli\u015fine qoltutmaq i\u00e7\u00fcn bar\u0131\u015f\u0131q aktsiyalar\u0131nda i\u015ftirak etmek meselesinen Milliy Mecliske muracaat eteler. Haber etemiz ki, Ukrainan\u0131\u00f1 Avropa integratsiyas\u0131 y\u00f6neli\u015fine qoltutmaq i\u00e7\u00fcn bar\u0131\u015f\u0131q aktsiyalar\u0131nda q\u0131r\u0131mtatarlar [&hellip;]","thumbnail_url":"https:\/\/qtmm.org\/wp-content\/uploads\/2022\/01\/qt_maydan1.jpeg","thumbnail_width":650,"thumbnail_height":353}