




{"version":"1.0","provider_name":"\u041c\u0435\u0434\u0436\u043b\u0456\u0441","provider_url":"https:\/\/qtmm.org\/qt\/","author_name":"Developer","author_url":"https:\/\/qtmm.org\/qt\/author\/Developer\/","title":"Abduraman Egizni\u00f1 Avropa parlamentinde i\u015fi - \u041c\u0435\u0434\u0436\u043b\u0456\u0441","type":"rich","width":600,"height":338,"html":"<blockquote class=\"wp-embedded-content\" data-secret=\"J2zY92kZGQ\"><a href=\"https:\/\/qtmm.org\/qt\/abduraman-egiznin-avropa-parlamentinde-isi\/\">Abduraman Egizni\u00f1 Avropa parlamentinde i\u015fi<\/a><\/blockquote><iframe sandbox=\"allow-scripts\" security=\"restricted\" src=\"https:\/\/qtmm.org\/qt\/abduraman-egiznin-avropa-parlamentinde-isi\/embed\/#?secret=J2zY92kZGQ\" width=\"600\" height=\"338\" title=\"&#8220;Abduraman Egizni\u00f1 Avropa parlamentinde i\u015fi&#8221; &#8212; \u041c\u0435\u0434\u0436\u043b\u0456\u0441\" data-secret=\"J2zY92kZGQ\" frameborder=\"0\" marginwidth=\"0\" marginheight=\"0\" scrolling=\"no\" class=\"wp-embedded-content\"><\/iframe><script>\n\/*! This file is auto-generated *\/\n!function(d,l){\"use strict\";l.querySelector&&d.addEventListener&&\"undefined\"!=typeof URL&&(d.wp=d.wp||{},d.wp.receiveEmbedMessage||(d.wp.receiveEmbedMessage=function(e){var t=e.data;if((t||t.secret||t.message||t.value)&&!\/[^a-zA-Z0-9]\/.test(t.secret)){for(var s,r,n,a=l.querySelectorAll('iframe[data-secret=\"'+t.secret+'\"]'),o=l.querySelectorAll('blockquote[data-secret=\"'+t.secret+'\"]'),c=new RegExp(\"^https?:$\",\"i\"),i=0;i<o.length;i++)o[i].style.display=\"none\";for(i=0;i<a.length;i++)s=a[i],e.source===s.contentWindow&&(s.removeAttribute(\"style\"),\"height\"===t.message?(1e3<(r=parseInt(t.value,10))?r=1e3:~~r<200&&(r=200),s.height=r):\"link\"===t.message&&(r=new URL(s.getAttribute(\"src\")),n=new URL(t.value),c.test(n.protocol))&&n.host===r.host&&l.activeElement===s&&(d.top.location.href=t.value))}},d.addEventListener(\"message\",d.wp.receiveEmbedMessage,!1),l.addEventListener(\"DOMContentLoaded\",function(){for(var e,t,s=l.querySelectorAll(\"iframe.wp-embedded-content\"),r=0;r<s.length;r++)(t=(e=s[r]).getAttribute(\"data-secret\"))||(t=Math.random().toString(36).substring(2,12),e.src+=\"#?secret=\"+t,e.setAttribute(\"data-secret\",t)),e.contentWindow.postMessage({message:\"ready\",secret:t},\"*\")},!1)))}(window,document);\n\/\/# sourceURL=https:\/\/qtmm.org\/wp-includes\/js\/wp-embed.min.js\n<\/script>\n","thumbnail_url":"https:\/\/qtmm.org\/wp-content\/uploads\/2022\/01\/image_5.jpeg","thumbnail_width":650,"thumbnail_height":445,"description":"Strasburgda i\u015f ziyaretinen bulun\u011fan Meclis azas\u0131 Abduraman Egiz Avropa Parlamentini\u00f1 &#8220;Pan-Avropa i\u015f gruppas\u0131n\u0131\u00f1&#8221; topla\u015fuv\u0131nda i\u015ftirak etmekte. Topla\u015fuv devam\u0131nda 2014 senesi yanvar 14 k\u00fcn\u00fc A. Egiz q\u0131r\u0131mtatar halq\u0131n\u0131\u00f1 vaziyeti aqq\u0131nda maruzanen \u00e7\u0131q\u0131\u015ft\u0131 bulund\u0131. Ziyaret devam\u0131nda Abduraman Egiz Avropa Parlamentini\u00f1 deputatlar\u0131 Bernd Posselt, Pol R\u00fcbik, t\u0131\u015fq\u0131 al\u00e2qalar komitetini\u00f1 ba\u015f\u0131 Elmar Brok, Tunne Kelam, Antonio Kansian, Edvard Kukan, [&hellip;]"}