




{"version":"1.0","provider_name":"\u041c\u0435\u0434\u0436\u043b\u0456\u0441","provider_url":"https:\/\/qtmm.org\/qt\/","author_name":"Developer","author_url":"https:\/\/qtmm.org\/qt\/author\/Developer\/","title":"14 fevral k\u00fcn\u00fc Kiyevde Gennadiy Udovenkonen vedala\u015ft\u0131lar - \u041c\u0435\u0434\u0436\u043b\u0456\u0441","type":"rich","width":600,"height":338,"html":"<blockquote class=\"wp-embedded-content\" data-secret=\"OLAWkn7InW\"><a href=\"https:\/\/qtmm.org\/qt\/14-fevral-kunu-kiyevde-gennadiy-udovenkonen-vedalastilar\/\">14 fevral k\u00fcn\u00fc Kiyevde Gennadiy Udovenkonen vedala\u015ft\u0131lar<\/a><\/blockquote><iframe sandbox=\"allow-scripts\" security=\"restricted\" src=\"https:\/\/qtmm.org\/qt\/14-fevral-kunu-kiyevde-gennadiy-udovenkonen-vedalastilar\/embed\/#?secret=OLAWkn7InW\" width=\"600\" height=\"338\" title=\"&#8220;14 fevral k\u00fcn\u00fc Kiyevde Gennadiy Udovenkonen vedala\u015ft\u0131lar&#8221; &#8212; \u041c\u0435\u0434\u0436\u043b\u0456\u0441\" data-secret=\"OLAWkn7InW\" frameborder=\"0\" marginwidth=\"0\" marginheight=\"0\" scrolling=\"no\" class=\"wp-embedded-content\"><\/iframe><script>\n\/*! This file is auto-generated *\/\n!function(d,l){\"use strict\";l.querySelector&&d.addEventListener&&\"undefined\"!=typeof URL&&(d.wp=d.wp||{},d.wp.receiveEmbedMessage||(d.wp.receiveEmbedMessage=function(e){var t=e.data;if((t||t.secret||t.message||t.value)&&!\/[^a-zA-Z0-9]\/.test(t.secret)){for(var s,r,n,a=l.querySelectorAll('iframe[data-secret=\"'+t.secret+'\"]'),o=l.querySelectorAll('blockquote[data-secret=\"'+t.secret+'\"]'),c=new RegExp(\"^https?:$\",\"i\"),i=0;i<o.length;i++)o[i].style.display=\"none\";for(i=0;i<a.length;i++)s=a[i],e.source===s.contentWindow&&(s.removeAttribute(\"style\"),\"height\"===t.message?(1e3<(r=parseInt(t.value,10))?r=1e3:~~r<200&&(r=200),s.height=r):\"link\"===t.message&&(r=new URL(s.getAttribute(\"src\")),n=new URL(t.value),c.test(n.protocol))&&n.host===r.host&&l.activeElement===s&&(d.top.location.href=t.value))}},d.addEventListener(\"message\",d.wp.receiveEmbedMessage,!1),l.addEventListener(\"DOMContentLoaded\",function(){for(var e,t,s=l.querySelectorAll(\"iframe.wp-embedded-content\"),r=0;r<s.length;r++)(t=(e=s[r]).getAttribute(\"data-secret\"))||(t=Math.random().toString(36).substring(2,12),e.src+=\"#?secret=\"+t,e.setAttribute(\"data-secret\",t)),e.contentWindow.postMessage({message:\"ready\",secret:t},\"*\")},!1)))}(window,document);\n\/\/# sourceURL=https:\/\/qtmm.org\/wp-includes\/js\/wp-embed.min.js\n<\/script>\n","description":"Ukraina Nazirler Kabinetini\u00f1 Medeniyet Evinde \u00f6tkerilgen cenaze merasiminde belli ukrain siyaset\u00e7isi, Ukraina t\u0131\u015fq\u0131 i\u015fler naziri, &#8220;Narodn\u0131y ruh&#8221; partiyas\u0131n\u0131\u00f1 lideri Gennadiy Udovenko ile vedala\u015fmaq i\u00e7\u00fcn Ukraina devletini\u00f1 yolba\u015f\u00e7\u0131lar\u0131 keldiler. Olarn\u0131\u00f1 aras\u0131nda Ukraina Ba\u015f naziri Nikolay Azarov, Yuqar\u0131 \u015euras\u0131n\u0131\u00f1 reisi Vladimir R\u0131bak, Ba\u015f nazir muavini Konstantin Gri\u015f\u00e7enko, Ukrain\u0131\u00f1 AQ\u015etaki sab\u0131q el\u00e7isi \u00d6leg Belorus ve Ukrainan\u0131\u00f1 \u00fc\u00e7\u00fcnci prezidenti [&hellip;]","thumbnail_url":"https:\/\/qtmm.org\/wp-content\/uploads\/2022\/01\/1.1.jpg","thumbnail_width":650,"thumbnail_height":598}